{"id":267,"date":"2025-04-01T13:44:49","date_gmt":"2025-04-01T17:44:49","guid":{"rendered":"https:\/\/artefrio.com.ve\/?page_id=267"},"modified":"2025-04-02T09:16:54","modified_gmt":"2025-04-02T13:16:54","slug":"aire-acondicionado","status":"publish","type":"page","link":"https:\/\/artefrio.com.ve\/index.php\/aire-acondicionado\/","title":{"rendered":"Aire Acondicionado"},"content":{"rendered":"\n<div class=\"wp-block-group alignfull has-global-padding is-layout-constrained wp-container-core-group-is-layout-669513ed wp-block-group-is-layout-constrained\" style=\"margin-top:0;margin-bottom:0;padding-top:var(--wp--preset--spacing--50);padding-right:var(--wp--preset--spacing--50);padding-bottom:var(--wp--preset--spacing--50);padding-left:var(--wp--preset--spacing--50)\">\n<div class=\"wp-block-columns alignwide is-layout-flex wp-container-core-columns-is-layout-28f84493 wp-block-columns-is-layout-flex\">\n<div class=\"wp-block-column is-layout-flow wp-block-column-is-layout-flow\" style=\"flex-basis:40%\">\n<p class=\"wp-container-content-0733e5d0\"><strong>Confort y Eficiencia para Espacios Comerciales e Industriales<\/strong>.<\/p>\n<\/div>\n\n\n\n<div class=\"wp-block-column is-layout-flow wp-block-column-is-layout-flow\" style=\"flex-basis:60%\">\n<p class=\"has-heading-font-family has-x-large-font-size\" style=\"line-height:1.2\">Contamos con un equipo especializado en la <strong>instalaci\u00f3n, mantenimiento y optimizaci\u00f3n<\/strong> de sistemas de climatizaci\u00f3n adaptados a las necesidades espec\u00edficas de cada cliente.<\/p>\n<\/div>\n<\/div>\n\n\n\n<div style=\"height:var(--wp--preset--spacing--40)\" aria-hidden=\"true\" class=\"wp-block-spacer\"><\/div>\n\n\n\n<figure class=\"wp-block-image alignwide size-large is-style-rounded is-style-rounded--1\"><img loading=\"lazy\" decoding=\"async\" width=\"1024\" height=\"768\" src=\"https:\/\/artefrio.com.ve\/wp-content\/uploads\/2025\/04\/AA2-1024x768.jpg\" alt=\"\" class=\"wp-image-269\" srcset=\"https:\/\/artefrio.com.ve\/wp-content\/uploads\/2025\/04\/AA2-1024x768.jpg 1024w, https:\/\/artefrio.com.ve\/wp-content\/uploads\/2025\/04\/AA2-300x225.jpg 300w, https:\/\/artefrio.com.ve\/wp-content\/uploads\/2025\/04\/AA2-768x576.jpg 768w, https:\/\/artefrio.com.ve\/wp-content\/uploads\/2025\/04\/AA2.jpg 1080w\" sizes=\"auto, (max-width: 1024px) 100vw, 1024px\" \/><\/figure>\n<\/div>\n\n\n\n<div class=\"wp-block-group alignfull has-background has-global-padding is-layout-constrained wp-container-core-group-is-layout-301020a0 wp-block-group-is-layout-constrained\" style=\"background-color:#ebebeb;padding-top:var(--wp--preset--spacing--50);padding-right:var(--wp--preset--spacing--50);padding-bottom:var(--wp--preset--spacing--50);padding-left:var(--wp--preset--spacing--50)\">\n<div class=\"wp-block-columns alignwide is-layout-flex wp-container-core-columns-is-layout-08c01c1c wp-block-columns-is-layout-flex\">\n<div class=\"wp-block-column is-layout-flow wp-block-column-is-layout-flow\" style=\"flex-basis:33%\">\n<p class=\"has-heading-font-family has-large-font-size\" style=\"line-height:1.2\">Beneficios de nuestro servicio de <strong>Aire Acondicionado<\/strong><\/p>\n<\/div>\n\n\n\n<div class=\"wp-block-column is-layout-flow wp-container-core-column-is-layout-119bc444 wp-block-column-is-layout-flow\">\n<div class=\"wp-block-group is-layout-grid wp-container-core-group-is-layout-b694d6cf wp-block-group-is-layout-grid\">\n<div class=\"wp-block-group is-vertical is-content-justification-left is-nowrap is-layout-flex wp-container-core-group-is-layout-970da055 wp-block-group-is-layout-flex\">\n<p style=\"font-style:normal;font-weight:500\"><strong><strong><strong>Tecnolog\u00eda avanzada<\/strong><\/strong><\/strong><\/p>\n\n\n\n<p>Equipos modernos con sistemas de control inteligente y automatizaci\u00f3n.<\/p>\n<\/div>\n\n\n\n<div class=\"wp-block-group is-vertical is-nowrap is-layout-flex wp-container-core-group-is-layout-3655d5c7 wp-block-group-is-layout-flex\">\n<p style=\"font-style:normal;font-weight:500\"><strong><strong><strong>Mayor vida \u00fatil de los equipos<\/strong><\/strong><\/strong><\/p>\n\n\n\n<p>Instalaci\u00f3n y mantenimiento profesional que optimiza el rendimiento.<\/p>\n<\/div>\n<\/div>\n\n\n\n<div class=\"wp-block-group is-layout-grid wp-container-core-group-is-layout-b694d6cf wp-block-group-is-layout-grid\">\n<div class=\"wp-block-group is-vertical is-nowrap is-layout-flex wp-container-core-group-is-layout-3655d5c7 wp-block-group-is-layout-flex\">\n<p style=\"font-style:normal;font-weight:500\"><strong><strong><strong>Sistemas adaptados a cada necesidad<\/strong><\/strong><\/strong><\/p>\n\n\n\n<p>Desde peque\u00f1as oficinas hasta grandes espacios industriales.<\/p>\n<\/div>\n\n\n\n<div class=\"wp-block-group is-vertical is-nowrap is-layout-flex wp-container-core-group-is-layout-3655d5c7 wp-block-group-is-layout-flex\">\n<p style=\"font-style:normal;font-weight:500\"><strong><strong><strong>Eficiencia energ\u00e9tica<\/strong><\/strong><\/strong><\/p>\n\n\n\n<p>Equipos dise\u00f1ados para minimizar el consumo el\u00e9ctrico.<\/p>\n<\/div>\n<\/div>\n<\/div>\n<\/div>\n<\/div>\n\n\n\n<div style=\"height:120px\" aria-hidden=\"true\" class=\"wp-block-spacer\"><\/div>\n\n\n\n<figure class=\"wp-block-gallery alignwide has-nested-images columns-4 is-cropped wp-block-gallery-10 is-layout-flex wp-block-gallery-is-layout-flex\">\n<figure class=\"wp-block-image size-large is-style-rounded is-style-rounded--2\"><img loading=\"lazy\" decoding=\"async\" width=\"1024\" height=\"768\" data-id=\"221\" src=\"https:\/\/artefrio.com.ve\/wp-content\/uploads\/2024\/10\/AA3-1024x768.jpg\" alt=\"\" class=\"wp-image-221\" srcset=\"https:\/\/artefrio.com.ve\/wp-content\/uploads\/2024\/10\/AA3-1024x768.jpg 1024w, https:\/\/artefrio.com.ve\/wp-content\/uploads\/2024\/10\/AA3-300x225.jpg 300w, https:\/\/artefrio.com.ve\/wp-content\/uploads\/2024\/10\/AA3-768x576.jpg 768w, https:\/\/artefrio.com.ve\/wp-content\/uploads\/2024\/10\/AA3.jpg 1080w\" sizes=\"auto, (max-width: 1024px) 100vw, 1024px\" \/><\/figure>\n\n\n\n<figure class=\"wp-block-image size-large is-style-rounded is-style-rounded--3\"><img loading=\"lazy\" decoding=\"async\" width=\"1024\" height=\"1024\" data-id=\"272\" src=\"https:\/\/artefrio.com.ve\/wp-content\/uploads\/2025\/04\/IMG-20250213-WA0059-1024x1024.jpg\" alt=\"\" class=\"wp-image-272\" srcset=\"https:\/\/artefrio.com.ve\/wp-content\/uploads\/2025\/04\/IMG-20250213-WA0059-1024x1024.jpg 1024w, https:\/\/artefrio.com.ve\/wp-content\/uploads\/2025\/04\/IMG-20250213-WA0059-300x300.jpg 300w, https:\/\/artefrio.com.ve\/wp-content\/uploads\/2025\/04\/IMG-20250213-WA0059-150x150.jpg 150w, https:\/\/artefrio.com.ve\/wp-content\/uploads\/2025\/04\/IMG-20250213-WA0059-768x768.jpg 768w, https:\/\/artefrio.com.ve\/wp-content\/uploads\/2025\/04\/IMG-20250213-WA0059.jpg 1280w\" sizes=\"auto, (max-width: 1024px) 100vw, 1024px\" \/><\/figure>\n\n\n\n<figure class=\"wp-block-image size-large is-style-rounded is-style-rounded--4\"><img decoding=\"async\" data-id=\"23\" src=\"https:\/\/artefrio.com.ve\/wp-content\/uploads\/2024\/07\/Background_03-1024x731.jpeg\" alt=\"Empresa de Refrigeraci\u00f3n en Caracas, Venezuela\" class=\"wp-image-23\"\/><\/figure>\n\n\n\n<figure class=\"wp-block-image size-large is-style-rounded is-style-rounded--5\"><img loading=\"lazy\" decoding=\"async\" width=\"1024\" height=\"768\" data-id=\"220\" src=\"https:\/\/artefrio.com.ve\/wp-content\/uploads\/2024\/10\/AA4-1024x768.jpg\" alt=\"\" class=\"wp-image-220\" srcset=\"https:\/\/artefrio.com.ve\/wp-content\/uploads\/2024\/10\/AA4-1024x768.jpg 1024w, https:\/\/artefrio.com.ve\/wp-content\/uploads\/2024\/10\/AA4-300x225.jpg 300w, https:\/\/artefrio.com.ve\/wp-content\/uploads\/2024\/10\/AA4-768x576.jpg 768w, https:\/\/artefrio.com.ve\/wp-content\/uploads\/2024\/10\/AA4.jpg 1080w\" sizes=\"auto, (max-width: 1024px) 100vw, 1024px\" \/><\/figure>\n\n\n\n<figure class=\"wp-block-image size-large is-style-rounded is-style-rounded--6\"><img loading=\"lazy\" decoding=\"async\" width=\"768\" height=\"1024\" data-id=\"219\" src=\"https:\/\/artefrio.com.ve\/wp-content\/uploads\/2024\/10\/AA5-768x1024.jpg\" alt=\"\" class=\"wp-image-219\" srcset=\"https:\/\/artefrio.com.ve\/wp-content\/uploads\/2024\/10\/AA5-768x1024.jpg 768w, https:\/\/artefrio.com.ve\/wp-content\/uploads\/2024\/10\/AA5-225x300.jpg 225w, https:\/\/artefrio.com.ve\/wp-content\/uploads\/2024\/10\/AA5.jpg 810w\" sizes=\"auto, (max-width: 768px) 100vw, 768px\" \/><\/figure>\n\n\n\n<figure class=\"wp-block-image size-large is-style-rounded is-style-rounded--7\"><img loading=\"lazy\" decoding=\"async\" width=\"683\" height=\"1024\" data-id=\"276\" src=\"https:\/\/artefrio.com.ve\/wp-content\/uploads\/2025\/04\/pexels-pixabay-257770-683x1024.jpg\" alt=\"\" class=\"wp-image-276\" srcset=\"https:\/\/artefrio.com.ve\/wp-content\/uploads\/2025\/04\/pexels-pixabay-257770-683x1024.jpg 683w, https:\/\/artefrio.com.ve\/wp-content\/uploads\/2025\/04\/pexels-pixabay-257770-200x300.jpg 200w, https:\/\/artefrio.com.ve\/wp-content\/uploads\/2025\/04\/pexels-pixabay-257770-768x1152.jpg 768w, https:\/\/artefrio.com.ve\/wp-content\/uploads\/2025\/04\/pexels-pixabay-257770-1024x1536.jpg 1024w, https:\/\/artefrio.com.ve\/wp-content\/uploads\/2025\/04\/pexels-pixabay-257770-1365x2048.jpg 1365w, https:\/\/artefrio.com.ve\/wp-content\/uploads\/2025\/04\/pexels-pixabay-257770-scaled.jpg 1707w\" sizes=\"auto, (max-width: 683px) 100vw, 683px\" \/><\/figure>\n\n\n\n<figure class=\"wp-block-image size-large is-style-rounded is-style-rounded--8\"><img loading=\"lazy\" decoding=\"async\" width=\"1024\" height=\"732\" data-id=\"273\" src=\"https:\/\/artefrio.com.ve\/wp-content\/uploads\/2025\/04\/2149250243-1024x732.jpg\" alt=\"\" class=\"wp-image-273\" srcset=\"https:\/\/artefrio.com.ve\/wp-content\/uploads\/2025\/04\/2149250243-1024x732.jpg 1024w, https:\/\/artefrio.com.ve\/wp-content\/uploads\/2025\/04\/2149250243-300x214.jpg 300w, https:\/\/artefrio.com.ve\/wp-content\/uploads\/2025\/04\/2149250243-768x549.jpg 768w, https:\/\/artefrio.com.ve\/wp-content\/uploads\/2025\/04\/2149250243-1536x1097.jpg 1536w, https:\/\/artefrio.com.ve\/wp-content\/uploads\/2025\/04\/2149250243.jpg 2000w\" sizes=\"auto, (max-width: 1024px) 100vw, 1024px\" \/><\/figure>\n\n\n\n<figure class=\"wp-block-image size-large is-style-rounded is-style-rounded--9\"><img loading=\"lazy\" decoding=\"async\" width=\"1024\" height=\"1024\" data-id=\"270\" src=\"https:\/\/artefrio.com.ve\/wp-content\/uploads\/2025\/04\/f718a2010c6543ac99a48799f8523a0c-1024x1024.jpg\" alt=\"\" class=\"wp-image-270\" srcset=\"https:\/\/artefrio.com.ve\/wp-content\/uploads\/2025\/04\/f718a2010c6543ac99a48799f8523a0c-1024x1024.jpg 1024w, https:\/\/artefrio.com.ve\/wp-content\/uploads\/2025\/04\/f718a2010c6543ac99a48799f8523a0c-300x300.jpg 300w, https:\/\/artefrio.com.ve\/wp-content\/uploads\/2025\/04\/f718a2010c6543ac99a48799f8523a0c-150x150.jpg 150w, https:\/\/artefrio.com.ve\/wp-content\/uploads\/2025\/04\/f718a2010c6543ac99a48799f8523a0c-768x768.jpg 768w, https:\/\/artefrio.com.ve\/wp-content\/uploads\/2025\/04\/f718a2010c6543ac99a48799f8523a0c.jpg 1280w\" sizes=\"auto, (max-width: 1024px) 100vw, 1024px\" \/><\/figure>\n<\/figure>\n\n\n\n<div class=\"wp-block-group alignfull has-base-background-color has-background has-global-padding is-layout-constrained wp-container-core-group-is-layout-d89aad35 wp-block-group-is-layout-constrained\" style=\"margin-top:0;margin-bottom:0;padding-top:var(--wp--preset--spacing--50);padding-right:var(--wp--preset--spacing--50);padding-bottom:var(--wp--preset--spacing--50);padding-left:var(--wp--preset--spacing--50)\">\n<div class=\"wp-block-columns alignwide is-layout-flex wp-container-core-columns-is-layout-549b0c86 wp-block-columns-is-layout-flex\">\n<div class=\"wp-block-column has-global-padding is-content-justification-left is-layout-constrained wp-container-core-column-is-layout-4f15e8fe wp-block-column-is-layout-constrained\" style=\"flex-basis:40%\">\n<p>En <strong>Artefrio<\/strong>, ofrecemos soluciones de <strong>aire acondicionado comercial e industrial<\/strong> dise\u00f1adas para cualquier espacio.<\/p>\n<\/div>\n\n\n\n<div class=\"wp-block-column is-layout-flow wp-container-core-column-is-layout-119bc444 wp-block-column-is-layout-flow\" style=\"flex-basis:60%\">\n<p class=\"has-heading-font-family has-x-large-font-size\" style=\"line-height:1.2\">Contamos con un equipo especializado en la <strong>instalaci\u00f3n, mantenimiento y optimizaci\u00f3n<\/strong> de sistemas de climatizaci\u00f3n adaptados a las necesidades espec\u00edficas de cada cliente.<\/p>\n\n\n\n<div class=\"wp-block-columns is-layout-flex wp-container-core-columns-is-layout-87beb0d0 wp-block-columns-is-layout-flex\">\n<div class=\"wp-block-column is-layout-flow wp-block-column-is-layout-flow\">\n<p class=\"wp-container-content-9cfa9a5a\">Ya sea para <strong>oficinas, comercios, almacenes, restaurantes o grandes espacios industriales<\/strong>, nuestros sistemas de aire acondicionado brindan <strong>temperaturas estables, circulaci\u00f3n de aire eficiente y ahorro energ\u00e9tico<\/strong>.<\/p>\n\n\n\n<ul class=\"wp-block-list\">\n<li><strong>A\/A tipo Split<\/strong>: Ideal para oficinas, locales comerciales y espacios peque\u00f1os.<\/li>\n<\/ul>\n\n\n\n<ul class=\"wp-block-list\">\n<li><strong>A\/A Compacto<\/strong>: Sistema eficiente para climatizar \u00e1reas medianas y grandes con un solo equipo.<\/li>\n<\/ul>\n\n\n\n<ul class=\"wp-block-list\">\n<li><strong>A\/A Chiller<\/strong>: Refrigeraci\u00f3n a gran escala para <strong>industrias, hoteles, hospitales y centros comerciales<\/strong>.<\/li>\n<\/ul>\n\n\n\n<ul class=\"wp-block-list\">\n<li><strong>Instalaci\u00f3n de ductos<\/strong>: Soluciones centralizadas que distribuyen aire de manera uniforme en grandes superficies.<\/li>\n<\/ul>\n<\/div>\n<\/div>\n<\/div>\n<\/div>\n<\/div>\n\n\n\n<div class=\"wp-block-cover alignfull is-light has-parallax\" style=\"padding-top:var(--wp--preset--spacing--50);padding-right:var(--wp--preset--spacing--50);padding-bottom:var(--wp--preset--spacing--50);padding-left:var(--wp--preset--spacing--50);min-height:100vh;aspect-ratio:unset;\"><span aria-hidden=\"true\" class=\"wp-block-cover__background has-base-background-color has-background-dim-0 has-background-dim\"><\/span><div class=\"wp-block-cover__image-background wp-image-274 has-parallax\" style=\"background-position:50% 50%;background-image:url(https:\/\/artefrio.com.ve\/wp-content\/uploads\/2025\/04\/2149388947.jpg)\"><\/div><div class=\"wp-block-cover__inner-container has-global-padding is-layout-constrained wp-container-core-cover-is-layout-e4fd886c wp-block-cover-is-layout-constrained\">\n<div style=\"height:500px\" aria-hidden=\"true\" class=\"wp-block-spacer\"><\/div>\n<\/div><\/div>\n\n\n\n<div class=\"wp-block-group alignfull has-base-background-color has-background has-global-padding is-layout-constrained wp-container-core-group-is-layout-d89aad35 wp-block-group-is-layout-constrained\" style=\"margin-top:0;margin-bottom:0;padding-top:var(--wp--preset--spacing--50);padding-right:var(--wp--preset--spacing--50);padding-bottom:var(--wp--preset--spacing--50);padding-left:var(--wp--preset--spacing--50)\">\n<div class=\"wp-block-columns alignwide is-layout-flex wp-container-core-columns-is-layout-549b0c86 wp-block-columns-is-layout-flex\">\n<div class=\"wp-block-column has-global-padding is-content-justification-left is-layout-constrained wp-container-core-column-is-layout-4f15e8fe wp-block-column-is-layout-constrained\" style=\"flex-basis:40%\">\n<p>Nuestros sistemas de <strong><strong>Aire Acondicionado<\/strong><\/strong> son ideales para:<\/p>\n<\/div>\n\n\n\n<div class=\"wp-block-column is-layout-flow wp-container-core-column-is-layout-119bc444 wp-block-column-is-layout-flow\" style=\"flex-basis:60%\">\n<ul class=\"wp-block-list\">\n<li>Oficinas y espacios corporativos.<\/li>\n\n\n\n<li>Supermercados y bodegones.<\/li>\n\n\n\n<li>Restaurantes y hoteles.<\/li>\n\n\n\n<li>Centros comerciales y tiendas.<\/li>\n\n\n\n<li>Hospitales y cl\u00ednicas.<\/li>\n\n\n\n<li>Plantas industriales y almacenes.<\/li>\n<\/ul>\n<\/div>\n<\/div>\n<\/div>\n\n\n\n<div class=\"wp-block-group alignfull has-global-padding is-layout-constrained wp-container-core-group-is-layout-d89aad35 wp-block-group-is-layout-constrained\" style=\"margin-top:0;margin-bottom:0;padding-top:var(--wp--preset--spacing--50);padding-right:var(--wp--preset--spacing--50);padding-bottom:var(--wp--preset--spacing--50);padding-left:var(--wp--preset--spacing--50)\">\n<div class=\"wp-block-group alignwide has-base-2-background-color has-background has-global-padding is-layout-constrained wp-container-core-group-is-layout-39412042 wp-block-group-is-layout-constrained\" style=\"border-radius:16px;padding-top:var(--wp--preset--spacing--40);padding-right:var(--wp--preset--spacing--50);padding-bottom:var(--wp--preset--spacing--40);padding-left:var(--wp--preset--spacing--50)\">\n<div style=\"height:var(--wp--preset--spacing--10)\" aria-hidden=\"true\" class=\"wp-block-spacer\"><\/div>\n\n\n\n<h2 class=\"wp-block-heading has-text-align-center has-x-large-font-size\"><strong>\u00a1Cont\u00e1ctanos!<\/strong><\/h2>\n\n\n\n<p class=\"has-text-align-center\">Si buscas un sistema de aire acondicionado eficiente y adaptado a las necesidades de tu negocio, en Artefrio te ofrecemos asesor\u00eda, instalaci\u00f3n y mantenimiento especializado.<\/p>\n\n\n\n<div class=\"wp-block-buttons is-content-justification-center is-layout-flex wp-container-core-buttons-is-layout-a89b3969 wp-block-buttons-is-layout-flex\">\n<div class=\"wp-block-button\"><a class=\"wp-block-button__link wp-element-button\">SOLICITAR PRESUPUESTO<\/a><\/div>\n<\/div>\n\n\n\n<div style=\"height:var(--wp--preset--spacing--10)\" aria-hidden=\"true\" class=\"wp-block-spacer\"><\/div>\n<\/div>\n<\/div>\n","protected":false},"excerpt":{"rendered":"<p>Confort y Eficiencia para Espacios Comerciales e Industriales. Contamos con un equipo especializado en la instalaci\u00f3n, mantenimiento y optimizaci\u00f3n de sistemas de climatizaci\u00f3n adaptados a las necesidades espec\u00edficas de cada cliente. Beneficios de nuestro servicio de Aire Acondicionado Tecnolog\u00eda avanzada Equipos modernos con sistemas de control inteligente y automatizaci\u00f3n. Mayor vida \u00fatil de los equipos [&hellip;]<\/p>\n","protected":false},"author":1,"featured_media":0,"parent":0,"menu_order":0,"comment_status":"closed","ping_status":"closed","template":"","meta":{"footnotes":""},"class_list":["post-267","page","type-page","status-publish","hentry"],"yoast_head":"<!-- This site is optimized with the Yoast SEO plugin v27.5 - https:\/\/yoast.com\/product\/yoast-seo-wordpress\/ -->\n<title>Aire Acondicionado - Artefrio C.A.<\/title>\n<meta name=\"robots\" content=\"index, follow, max-snippet:-1, max-image-preview:large, max-video-preview:-1\" \/>\n<link rel=\"canonical\" href=\"https:\/\/artefrio.com.ve\/index.php\/aire-acondicionado\/\" \/>\n<meta property=\"og:locale\" content=\"es_ES\" \/>\n<meta property=\"og:type\" content=\"article\" \/>\n<meta property=\"og:title\" content=\"Aire Acondicionado - Artefrio C.A.\" \/>\n<meta property=\"og:description\" content=\"Confort y Eficiencia para Espacios Comerciales e Industriales. Contamos con un equipo especializado en la instalaci\u00f3n, mantenimiento y optimizaci\u00f3n de sistemas de climatizaci\u00f3n adaptados a las necesidades espec\u00edficas de cada cliente. Beneficios de nuestro servicio de Aire Acondicionado Tecnolog\u00eda avanzada Equipos modernos con sistemas de control inteligente y automatizaci\u00f3n. Mayor vida \u00fatil de los equipos [&hellip;]\" \/>\n<meta property=\"og:url\" content=\"https:\/\/artefrio.com.ve\/index.php\/aire-acondicionado\/\" \/>\n<meta property=\"og:site_name\" content=\"Artefrio C.A.\" \/>\n<meta property=\"article:modified_time\" content=\"2025-04-02T13:16:54+00:00\" \/>\n<meta property=\"og:image\" content=\"https:\/\/artefrio.com.ve\/wp-content\/uploads\/2025\/04\/AA2.jpg\" \/>\n\t<meta property=\"og:image:width\" content=\"1080\" \/>\n\t<meta property=\"og:image:height\" content=\"810\" \/>\n\t<meta property=\"og:image:type\" content=\"image\/jpeg\" \/>\n<meta name=\"twitter:card\" content=\"summary_large_image\" \/>\n<meta name=\"twitter:label1\" content=\"Tiempo de lectura\" \/>\n\t<meta name=\"twitter:data1\" content=\"3 minutos\" \/>\n<script type=\"application\/ld+json\" class=\"yoast-schema-graph\">{\"@context\":\"https:\\\/\\\/schema.org\",\"@graph\":[{\"@type\":\"WebPage\",\"@id\":\"https:\\\/\\\/artefrio.com.ve\\\/index.php\\\/aire-acondicionado\\\/\",\"url\":\"https:\\\/\\\/artefrio.com.ve\\\/index.php\\\/aire-acondicionado\\\/\",\"name\":\"Aire Acondicionado - Artefrio C.A.\",\"isPartOf\":{\"@id\":\"https:\\\/\\\/artefrio.com.ve\\\/#website\"},\"primaryImageOfPage\":{\"@id\":\"https:\\\/\\\/artefrio.com.ve\\\/index.php\\\/aire-acondicionado\\\/#primaryimage\"},\"image\":{\"@id\":\"https:\\\/\\\/artefrio.com.ve\\\/index.php\\\/aire-acondicionado\\\/#primaryimage\"},\"thumbnailUrl\":\"https:\\\/\\\/artefrio.com.ve\\\/wp-content\\\/uploads\\\/2025\\\/04\\\/AA2-1024x768.jpg\",\"datePublished\":\"2025-04-01T17:44:49+00:00\",\"dateModified\":\"2025-04-02T13:16:54+00:00\",\"breadcrumb\":{\"@id\":\"https:\\\/\\\/artefrio.com.ve\\\/index.php\\\/aire-acondicionado\\\/#breadcrumb\"},\"inLanguage\":\"es\",\"potentialAction\":[{\"@type\":\"ReadAction\",\"target\":[\"https:\\\/\\\/artefrio.com.ve\\\/index.php\\\/aire-acondicionado\\\/\"]}]},{\"@type\":\"ImageObject\",\"inLanguage\":\"es\",\"@id\":\"https:\\\/\\\/artefrio.com.ve\\\/index.php\\\/aire-acondicionado\\\/#primaryimage\",\"url\":\"https:\\\/\\\/artefrio.com.ve\\\/wp-content\\\/uploads\\\/2025\\\/04\\\/AA2.jpg\",\"contentUrl\":\"https:\\\/\\\/artefrio.com.ve\\\/wp-content\\\/uploads\\\/2025\\\/04\\\/AA2.jpg\",\"width\":1080,\"height\":810},{\"@type\":\"BreadcrumbList\",\"@id\":\"https:\\\/\\\/artefrio.com.ve\\\/index.php\\\/aire-acondicionado\\\/#breadcrumb\",\"itemListElement\":[{\"@type\":\"ListItem\",\"position\":1,\"name\":\"Portada\",\"item\":\"https:\\\/\\\/artefrio.com.ve\\\/\"},{\"@type\":\"ListItem\",\"position\":2,\"name\":\"Aire Acondicionado\"}]},{\"@type\":\"WebSite\",\"@id\":\"https:\\\/\\\/artefrio.com.ve\\\/#website\",\"url\":\"https:\\\/\\\/artefrio.com.ve\\\/\",\"name\":\"Artefrio C.A.\",\"description\":\"Refrigeraci\u00f3n Comercial e Industrial\",\"publisher\":{\"@id\":\"https:\\\/\\\/artefrio.com.ve\\\/#organization\"},\"potentialAction\":[{\"@type\":\"SearchAction\",\"target\":{\"@type\":\"EntryPoint\",\"urlTemplate\":\"https:\\\/\\\/artefrio.com.ve\\\/?s={search_term_string}\"},\"query-input\":{\"@type\":\"PropertyValueSpecification\",\"valueRequired\":true,\"valueName\":\"search_term_string\"}}],\"inLanguage\":\"es\"},{\"@type\":\"Organization\",\"@id\":\"https:\\\/\\\/artefrio.com.ve\\\/#organization\",\"name\":\"Artefrio C.A.\",\"url\":\"https:\\\/\\\/artefrio.com.ve\\\/\",\"logo\":{\"@type\":\"ImageObject\",\"inLanguage\":\"es\",\"@id\":\"https:\\\/\\\/artefrio.com.ve\\\/#\\\/schema\\\/logo\\\/image\\\/\",\"url\":\"https:\\\/\\\/artefrio.com.ve\\\/wp-content\\\/uploads\\\/2024\\\/07\\\/Logo-Artefrio-01.png\",\"contentUrl\":\"https:\\\/\\\/artefrio.com.ve\\\/wp-content\\\/uploads\\\/2024\\\/07\\\/Logo-Artefrio-01.png\",\"width\":2084,\"height\":686,\"caption\":\"Artefrio C.A.\"},\"image\":{\"@id\":\"https:\\\/\\\/artefrio.com.ve\\\/#\\\/schema\\\/logo\\\/image\\\/\"},\"sameAs\":[\"https:\\\/\\\/www.instagram.com\\\/artefrio.ca\\\/\"]}]}<\/script>\n<!-- \/ Yoast SEO plugin. -->","yoast_head_json":{"title":"Aire Acondicionado - Artefrio C.A.","robots":{"index":"index","follow":"follow","max-snippet":"max-snippet:-1","max-image-preview":"max-image-preview:large","max-video-preview":"max-video-preview:-1"},"canonical":"https:\/\/artefrio.com.ve\/index.php\/aire-acondicionado\/","og_locale":"es_ES","og_type":"article","og_title":"Aire Acondicionado - Artefrio C.A.","og_description":"Confort y Eficiencia para Espacios Comerciales e Industriales. Contamos con un equipo especializado en la instalaci\u00f3n, mantenimiento y optimizaci\u00f3n de sistemas de climatizaci\u00f3n adaptados a las necesidades espec\u00edficas de cada cliente. Beneficios de nuestro servicio de Aire Acondicionado Tecnolog\u00eda avanzada Equipos modernos con sistemas de control inteligente y automatizaci\u00f3n. Mayor vida \u00fatil de los equipos [&hellip;]","og_url":"https:\/\/artefrio.com.ve\/index.php\/aire-acondicionado\/","og_site_name":"Artefrio C.A.","article_modified_time":"2025-04-02T13:16:54+00:00","og_image":[{"width":1080,"height":810,"url":"https:\/\/artefrio.com.ve\/wp-content\/uploads\/2025\/04\/AA2.jpg","type":"image\/jpeg"}],"twitter_card":"summary_large_image","twitter_misc":{"Tiempo de lectura":"3 minutos"},"schema":{"@context":"https:\/\/schema.org","@graph":[{"@type":"WebPage","@id":"https:\/\/artefrio.com.ve\/index.php\/aire-acondicionado\/","url":"https:\/\/artefrio.com.ve\/index.php\/aire-acondicionado\/","name":"Aire Acondicionado - Artefrio C.A.","isPartOf":{"@id":"https:\/\/artefrio.com.ve\/#website"},"primaryImageOfPage":{"@id":"https:\/\/artefrio.com.ve\/index.php\/aire-acondicionado\/#primaryimage"},"image":{"@id":"https:\/\/artefrio.com.ve\/index.php\/aire-acondicionado\/#primaryimage"},"thumbnailUrl":"https:\/\/artefrio.com.ve\/wp-content\/uploads\/2025\/04\/AA2-1024x768.jpg","datePublished":"2025-04-01T17:44:49+00:00","dateModified":"2025-04-02T13:16:54+00:00","breadcrumb":{"@id":"https:\/\/artefrio.com.ve\/index.php\/aire-acondicionado\/#breadcrumb"},"inLanguage":"es","potentialAction":[{"@type":"ReadAction","target":["https:\/\/artefrio.com.ve\/index.php\/aire-acondicionado\/"]}]},{"@type":"ImageObject","inLanguage":"es","@id":"https:\/\/artefrio.com.ve\/index.php\/aire-acondicionado\/#primaryimage","url":"https:\/\/artefrio.com.ve\/wp-content\/uploads\/2025\/04\/AA2.jpg","contentUrl":"https:\/\/artefrio.com.ve\/wp-content\/uploads\/2025\/04\/AA2.jpg","width":1080,"height":810},{"@type":"BreadcrumbList","@id":"https:\/\/artefrio.com.ve\/index.php\/aire-acondicionado\/#breadcrumb","itemListElement":[{"@type":"ListItem","position":1,"name":"Portada","item":"https:\/\/artefrio.com.ve\/"},{"@type":"ListItem","position":2,"name":"Aire Acondicionado"}]},{"@type":"WebSite","@id":"https:\/\/artefrio.com.ve\/#website","url":"https:\/\/artefrio.com.ve\/","name":"Artefrio C.A.","description":"Refrigeraci\u00f3n Comercial e Industrial","publisher":{"@id":"https:\/\/artefrio.com.ve\/#organization"},"potentialAction":[{"@type":"SearchAction","target":{"@type":"EntryPoint","urlTemplate":"https:\/\/artefrio.com.ve\/?s={search_term_string}"},"query-input":{"@type":"PropertyValueSpecification","valueRequired":true,"valueName":"search_term_string"}}],"inLanguage":"es"},{"@type":"Organization","@id":"https:\/\/artefrio.com.ve\/#organization","name":"Artefrio C.A.","url":"https:\/\/artefrio.com.ve\/","logo":{"@type":"ImageObject","inLanguage":"es","@id":"https:\/\/artefrio.com.ve\/#\/schema\/logo\/image\/","url":"https:\/\/artefrio.com.ve\/wp-content\/uploads\/2024\/07\/Logo-Artefrio-01.png","contentUrl":"https:\/\/artefrio.com.ve\/wp-content\/uploads\/2024\/07\/Logo-Artefrio-01.png","width":2084,"height":686,"caption":"Artefrio C.A."},"image":{"@id":"https:\/\/artefrio.com.ve\/#\/schema\/logo\/image\/"},"sameAs":["https:\/\/www.instagram.com\/artefrio.ca\/"]}]}},"_links":{"self":[{"href":"https:\/\/artefrio.com.ve\/index.php\/wp-json\/wp\/v2\/pages\/267","targetHints":{"allow":["GET"]}}],"collection":[{"href":"https:\/\/artefrio.com.ve\/index.php\/wp-json\/wp\/v2\/pages"}],"about":[{"href":"https:\/\/artefrio.com.ve\/index.php\/wp-json\/wp\/v2\/types\/page"}],"author":[{"embeddable":true,"href":"https:\/\/artefrio.com.ve\/index.php\/wp-json\/wp\/v2\/users\/1"}],"replies":[{"embeddable":true,"href":"https:\/\/artefrio.com.ve\/index.php\/wp-json\/wp\/v2\/comments?post=267"}],"version-history":[{"count":4,"href":"https:\/\/artefrio.com.ve\/index.php\/wp-json\/wp\/v2\/pages\/267\/revisions"}],"predecessor-version":[{"id":345,"href":"https:\/\/artefrio.com.ve\/index.php\/wp-json\/wp\/v2\/pages\/267\/revisions\/345"}],"wp:attachment":[{"href":"https:\/\/artefrio.com.ve\/index.php\/wp-json\/wp\/v2\/media?parent=267"}],"curies":[{"name":"wp","href":"https:\/\/api.w.org\/{rel}","templated":true}]}}